{"id":2610,"date":"2023-10-23T15:53:26","date_gmt":"2023-10-23T13:53:26","guid":{"rendered":"https:\/\/lubecka.law\/?post_type=product&#038;p=2610"},"modified":"2024-10-31T11:52:55","modified_gmt":"2024-10-31T10:52:55","slug":"pakiet-wycena-biznes","status":"publish","type":"product","link":"https:\/\/lubecka.law\/en\/produkt\/pakiet-wycena-biznes\/","title":{"rendered":"Pakiet dwa e-booki &#8220;Wycena&#8221; i &#8220;Biznes&#8221;"},"content":{"rendered":"<p><strong>Pakiet dw\u00f3ch e-book\u00f3w<\/strong><\/p>\n<p>Wycena us\u0142ug prawnych + Biznes prawny od \u015brodka. 10 krok\u00f3w na rozbieg.<\/p>\n<p>Dowiedz si\u0119 wi\u0119cej o ka\u017cdym z e-book\u00f3w. Czytaj dalej!<\/p>\n<p><strong>Wycena us\u0142ug prawnych<\/strong><\/p>\n<p>E-book, kt\u00f3ry sprzeda\u0142 si\u0119 w przesz\u0142o 470 egzemplarzach w okresie niewiele ponad roku od dnia jego premiery.<\/p>\n<p>E-book pt. ,,Wycena us\u0142ug prawnych\u2019\u2019 autorstwa Adwokat Joanny Lubeckiej to pierwsza, tego rodzaju publikacja na rynku. W spos\u00f3b kompleksowy odnosi si\u0119 do istotnego aspektu pracy prawnika, jakim jest wycena jego us\u0142ug.\u00a0 Temat ten jest niemal powszechnie pomijany w procesie kszta\u0142cenia m\u0142odych prawnik\u00f3w i nastr\u0119cza wielu, istotnych trudno\u015bci praktycznych na pocz\u0105tku w\u0142asnej drogi zawodowej. Owiany jest on r\u00f3wnie\u017c atmosfer\u0105 niezrozumia\u0142ego tabu, kt\u00f3re autorka umiej\u0119tnie odczarowuje, pokazuj\u0105c czytelnikowi, co powinien wzi\u0105\u0107 pod uwag\u0119, wyceniaj\u0105c us\u0142ugi prawne i jak to w praktyce robi\u0107.<\/p>\n<p><strong>Dla kogo przeznaczony jest e-book ,,Wycena us\u0142ug prawnych\u2019\u2019?<\/strong><\/p>\n<p>E-book przeznaczony jest dla praktyk\u00f3w, kt\u00f3rzy w swojej pracy stykaj\u0105 si\u0119 z konieczno\u015bci\u0105 prawid\u0142owej wyceny us\u0142ug prawnych. Pomo\u017ce on zar\u00f3wno osobom prowadz\u0105cym w\u0142asne kancelarie, jak i prawnikom, kt\u00f3rych zakres obowi\u0105zk\u00f3w wymaga podejmowania czynno\u015bci z obszaru wyceny us\u0142ug. E-book b\u0119dzie r\u00f3wnie\u017c przydatny dla os\u00f3b posiadaj\u0105cych ju\u017c do\u015bwiadczenia dotycz\u0105ce wyceny, jednak odczuwaj\u0105cych konieczno\u015b\u0107 usystematyzowania wiedzy lub zyskania w\u0142a\u015bciwej perspektywy dotycz\u0105cej wyceny us\u0142ug prawnych<em>.<\/em><\/p>\n<p><strong>Czego dowiesz si\u0119 z tego e-booka i jak b\u0119dziesz m\u00f3g\u0142 to wykorzysta\u0107 w codziennej pracy?<\/strong><\/p>\n<p>E-book podzielony zosta\u0142 na trzy cz\u0119\u015bci. W pierwszej znajdziesz teori\u0119 wyceny us\u0142ug prawnych. Cz\u0119\u015b\u0107 druga to odpowiedzi na najciekawsze, ale te\u017c najbardziej u\u017cyteczne pytania dotycz\u0105ce wyceny us\u0142ug prawnych, z jakimi mo\u017cna zetkn\u0105\u0107 si\u0119 wykonuj\u0105c zaw\u00f3d prawnika. Z kolei cz\u0119\u015b\u0107 trzecia to prawdziwa wisienka na torcie \u2013 wywiady ze specjalistami w swoich dziedzinach, kt\u00f3rzy zgodzili si\u0119 opowiedzie\u0107 troch\u0119 o ich do\u015bwiadczeniach dotycz\u0105cych wyceny us\u0142ug prawnych.<\/p>\n<p>Joanna Lubecka przeprowadzi\u0142a wywiady ze specjalistami w dziedzinach takich jak:<\/p>\n<ul>\n<li>Prawo um\u00f3w;<\/li>\n<li>Prawo sp\u00f3\u0142ek;<\/li>\n<li>Prawo autorskie i prawo nowych technologii;<\/li>\n<li>Prawo rodzinne;<\/li>\n<li>Prawo karne;<\/li>\n<li>Upad\u0142o\u015b\u0107 konsumencka.<\/li>\n<\/ul>\n<p><strong>W czym konkretnie pomo\u017ce Ci e-book?<\/strong><\/p>\n<ul>\n<li>Zdefiniowa\u0107 problemy zwi\u0105zane z wycen\u0105 swoich us\u0142ug, co jest niezb\u0119dne do ich rozwi\u0105zania. Z e-booka dowiesz si\u0119, dlaczego prawnicy maj\u0105 taki k\u0142opot z wycen\u0105 us\u0142ug. Otrzymasz r\u00f3wnie\u017c praktyczne narz\u0119dzie do rozwi\u0105zywania tych problem\u00f3w, za pomoc\u0105 kt\u00f3rego wycenisz tak\u017ce te trudniejsze sprawy. B\u0119dzie to Protok\u00f3\u0142 wyceny us\u0142ug.<\/li>\n<li>E-book pomo\u017ce Ci w wypracowaniu i ugruntowaniu podej\u015bcia do wyceny us\u0142ug, jakie pozwala na wykonywanie zawodu prawnika w spos\u00f3b komfortowy, a przy tym sprawiaj\u0105cy rado\u015b\u0107 i satysfakcj\u0119.<\/li>\n<li>Autorka przeka\u017ce Ci gar\u015b\u0107 wiedzy na temat zasad wyceny us\u0142ug prawnych, kt\u00f3re stosuje w praktyce i kt\u00f3re sprawdzaj\u0105 si\u0119 u niej bardzo dobrze.<\/li>\n<li>Zobaczysz, co mo\u017cna nazwa\u0107 ,,dobr\u0105 wycen\u0105\u2019\u2019, a co ,,z\u0142\u0105 wycen\u0105\u2019\u2019.<\/li>\n<li>Poczytasz o popularnych mitach dotycz\u0105cych wyceny us\u0142ug prawnych.<\/li>\n<li>Dowiesz si\u0119, jakie rodzaje wynagrodze\u0144 funkcjonuj\u0105 w praktyce i zobaczysz, do czego one pasuj\u0105, w jakich sytuacjach je stosowa\u0107, a kiedy nie warto. Uzyskasz tak\u017ce wiedz\u0119 o mo\u017cliwych sposobach korekty spraw ryzykownych, w kt\u00f3rych ju\u017c na starcie czujesz, \u017ce mo\u017ce by\u0107 ci\u0119\u017cko nie odczu\u0107 znanej Ci frustracji.<\/li>\n<li>Zobaczysz, gdzie mo\u017cna pope\u0142ni\u0107 b\u0142\u0119dy w wycenie spraw, sk\u0105d si\u0119 bior\u0105 i do czego prowadz\u0105.<\/li>\n<li>Wreszcie, uzyskasz informacje o tym, kiedy i w jaki spos\u00f3b rozmawia\u0107 z Klientem o wycenie Twoich us\u0142ug.<\/li>\n<li>Znajdziesz w nim te\u017c przyk\u0142ady praktyczne.<\/li>\n<\/ul>\n<p>Po lekturze e-booka rozpoczniesz przygod\u0119 z komfortowym i sensownym wycenianiem us\u0142ug prawnych, kt\u00f3re nie sp\u0119dza snu z powiek i kt\u00f3rego nie traktujesz jako z\u0142a koniecznego.<\/p>\n<p>Wi\u0119cej o E-booku przeczytasz tutaj: <a href=\"https:\/\/lubecka.law\/produkt\/wycena-uslug-prawnych\/\">https:\/\/lubecka.law\/produkt\/wycena-uslug-prawnych\/<\/a><\/p>\n<p><strong>Biznes prawny od \u015brodka. 10 krok\u00f3w na rozbieg.<\/strong><\/p>\n<p>E-book pt. <strong>,,Biznes prawny od \u015brodka. 10 krok\u00f3w na rozbieg\u2019\u2019 <\/strong>autorstwa Adwokat Joanny Lubeckiej to publikacja, kt\u00f3ra pokazuje kulisy budowania biznesu prawnego z poziomu zero. Jej celem jest prezentacja 10 krok\u00f3w rozwojowych pozwalaj\u0105cych na stworzenie w\u0142asnej kancelarii prawnej, kt\u00f3ra b\u0119dzie zmierza\u0142a w dobrym kierunku. Ca\u0142y proces rozwojowy opisany w ksi\u0105\u017cce ma za zadanie pokaza\u0107 jak zbudowa\u0107 co\u015b co ma by\u0107 nie tylko rentowne, ale te\u017c zdrowe i pozwalaj\u0105ce na czerpanie szcz\u0119\u015bcia z wykonywanej pracy prawnika.<\/p>\n<p><strong>Dla kogo przeznaczony jest e-book ,,Biznes prawny od \u015brodka. 10 krok\u00f3w na rozbieg\u2019\u2019?<\/strong><\/p>\n<p>E-book przeznaczony jest dla adwokat\u00f3w, radc\u00f3w prawnych, aplikant\u00f3w adwokackich i radcowskich oraz osoby wykonuj\u0105ce inne zawody prawnicze, kt\u00f3rzy:<\/p>\n<ul>\n<li>s\u0105 na pocz\u0105tku swojej drogi zawodowej;<\/li>\n<li>decyduj\u0105 si\u0119 na prowadzenie w\u0142asnej kancelarii lub powa\u017cnie rozwa\u017caj\u0105 ten krok;<\/li>\n<li>chc\u0105 u\u0142o\u017cy\u0107 swoj\u0105 prac\u0119 zawodow\u0105 w ramach w\u0142asnego biznesu w spos\u00f3b sensowny i zdrowy;<\/li>\n<li>rozwa\u017caj\u0105 zmian\u0119 formu\u0142y wykonywanego zawodu i przej\u015bcie na swoje lub tak\u0105 decyzj\u0119 ju\u017c podj\u0119\u0142y;<\/li>\n<li>prowadz\u0105 ju\u017c w\u0142asn\u0105 kancelari\u0119, jednak co\u015b jest nie tak i czuj\u0105, \u017ce trzeba to wszystko pouk\u0142ada\u0107 na nowo lub w jakim\u015b zakresie zmieni\u0107.<\/li>\n<\/ul>\n<p>E-book ,,Biznes prawny od \u015brodka\u2019\u2019 to pozycja dla prawnik\u00f3w, kt\u00f3rzy chc\u0105, aby ich praca zawodowa zajmowa\u0142a wa\u017cne, ale nie jedyne miejsce w \u017cyciu. Ksi\u0105\u017cka ta pokazuje, w jaki spos\u00f3b w praktyce postrzega\u0107 rozw\u00f3j w\u0142asnego biznesu prawnego i akceptowa\u0107 zdrowe tempo, w jakim to nast\u0119puje. W ksi\u0105\u017cce wielokrotnie pojawiaj\u0105 si\u0119 moje szczere zach\u0119ty do tego, aby zamiast na konkurencji skupi\u0107 si\u0119 po prostu na sobie. Publikacja pomaga r\u00f3wnie\u017c w wypracowaniu metod realizacji d\u0142ugofalowych projekt\u00f3w rozwojowych kancelarii. Dotyka problemu stresu zwi\u0105zanego z wykonywaniem zawodu prawnika. I nie zapomina o finansowej stronie prowadzonego biznesu prawnego.<\/p>\n<p>Cho\u0107 ka\u017cdy z nas ma sw\u00f3j punkt zero w innym miejscu, ufam, \u017ce b\u0119dzie to ksi\u0105\u017cka na ,,dobry pocz\u0105tek\u2019\u2019. Bo zawsze jest dobry moment, \u017ceby zacz\u0105\u0107, a czy nast\u0105pi to od zera, od \u015brodka, od ko\u0144ca czy po prostu od nowa \u2013 bez znaczenia.<\/p>\n<p><strong>Czego dowiesz si\u0119 z e-booka ,,Biznes prawny od \u015brodka. 10 krok\u00f3w na rozbieg\u2019\u2019?<\/strong><\/p>\n<p>E-book ,,Biznes prawny od \u015brodka. 10 krok\u00f3w na rozbieg\u2019\u2019 ma za zadanie pom\u00f3c Ci znale\u017a\u0107 odpowiedzi na pytania:<\/p>\n<ul>\n<li>Gdzie jeste\u015b i czy ci tam dobrze?<\/li>\n<li>Po co masz robi\u0107 biznes prawny?<\/li>\n<li>Co w ramach tego biznesu prawnego masz w\u0142a\u015bciwie robi\u0107?<\/li>\n<li>Jak\u0105 drog\u0105 doj\u015b\u0107 tam, gdzie zamierzasz i\u015b\u0107 i jakie tempo obra\u0107?<\/li>\n<li>Jak przemienia\u0107 rzeczy niezrobione w zrobione?<\/li>\n<li>Jak dba\u0107 o finansow\u0105 stron\u0119 biznesu prawnego?<\/li>\n<li>Jak upora\u0107 si\u0119 ze stresem w zawodzie prawnika?<\/li>\n<li>Czy wszystko powiniene\u015b robi\u0107 sam?<\/li>\n<li>Dlaczego warto monitorowa\u0107 to, co robimy i jaki to przynosi skutek?<\/li>\n<li>I wreszcie &#8211; jak nie zgubi\u0107 osobistej strony biznesu prawnego?<\/li>\n<\/ul>\n<p>Moim celem jest udzielenie praktycznych odpowiedzi, z przyk\u0142adami i pokazanie, jak budowa\u0107 kancelari\u0119 prawn\u0105 na \u017cywym organizmie.<\/p>\n<p>Nie przeczytasz tu o tym, jak za\u0142o\u017cy\u0107 dzia\u0142alno\u015b\u0107 gospodarcz\u0105 po zdanym egzaminie zawodowym, co to jest CEiDG i czy musisz kupi\u0107 ekspres do kawy oraz jak drogi powinien on by\u0107, aby zapewni\u0107 Twoich koleg\u00f3w i kole\u017canki po fachu, \u017ce jeste\u015b cz\u0142owiekiem sukcesu. Nie naucz\u0119 Ci\u0119 te\u017c jak robi\u0107, \u017ceby si\u0119 nie narobi\u0107 oraz jak osi\u0105ga\u0107 cele przez sam\u0105 afirmacj\u0119 po\u017c\u0105danego skutku, bo nie mam poj\u0119cia jak to zrobi\u0107 i w og\u00f3le mnie to nie interesuje.<\/p>\n<p>Spr\u00f3buj\u0119 Ci natomiast pom\u00f3c w ogarni\u0119ciu chaosu i obrania dobrej \u015bcie\u017cki, kt\u00f3r\u0105 b\u0119dziesz kroczy\u0107. A je\u015bli zacz\u0105\u0142e\u015b ju\u017c ni\u0105 kroczy\u0107, ale uwiera Ci\u0119 jaki\u015b kamie\u0144 w bucie, postaram si\u0119 pokaza\u0107, gdzie mo\u017ce by\u0107 problem. Poka\u017c\u0119 Ci moje dziesi\u0119\u0107 krok\u00f3w na rozbieg, z poziomu zero.<\/p>\n<p>Wi\u0119cej o E-booku przeczytasz tutaj: <a href=\"https:\/\/lubecka.law\/produkt\/biznes-prawny-od-srodka\/\">https:\/\/lubecka.law\/produkt\/biznes-prawny-od-srodka\/<\/a><\/p>\n<p><strong>Spis tre\u015bci obu e-book\u00f3w znajdziesz w galerii obraz\u00f3w pod g\u0142\u00f3wn\u0105 grafik\u0105.<\/strong><\/p>\n","protected":false},"excerpt":{"rendered":"<p>Pakiet dw\u00f3ch e-book\u00f3w Wycena us\u0142ug prawnych + Biznes prawny od \u015brodka. 10 krok\u00f3w na rozbieg. Dowiedz si\u0119 wi\u0119cej o ka\u017cdym z e-book\u00f3w. Czytaj dalej! Wycena us\u0142ug prawnych E-book, kt\u00f3ry sprzeda\u0142 si\u0119 w przesz\u0142o 470 egzemplarzach w okresie niewiele ponad roku od dnia jego premiery. E-book pt. ,,Wycena us\u0142ug prawnych\u2019\u2019 autorstwa Adwokat Joanny Lubeckiej to pierwsza, [&hellip;]<\/p>\n","protected":false},"featured_media":2961,"template":"","meta":{"_acf_changed":false,"inline_featured_image":false},"product_brand":[],"product_cat":[47],"product_tag":[],"class_list":{"0":"post-2610","1":"product","2":"type-product","3":"status-publish","4":"has-post-thumbnail","6":"product_cat-bez-kategorii","8":"first","9":"instock","10":"downloadable","11":"taxable","12":"shipping-taxable","13":"purchasable","14":"product-type-simple"},"acf":[],"yoast_head":"<!-- This site is optimized with the Yoast SEO plugin v27.5 - https:\/\/yoast.com\/product\/yoast-seo-wordpress\/ -->\n<title>Pakiet dwa e-booki &quot;Wycena&quot; i &quot;Biznes&quot; - Law Firm Joanna Lubecka, Attorney at law \u2013 Pozna\u0144, Zielona G\u00f3ra<\/title>\n<meta name=\"robots\" content=\"index, follow, max-snippet:-1, max-image-preview:large, max-video-preview:-1\" \/>\n<link rel=\"canonical\" href=\"https:\/\/lubecka.law\/en\/produkt\/pakiet-wycena-biznes\/\" \/>\n<meta property=\"og:locale\" content=\"en_US\" \/>\n<meta property=\"og:type\" content=\"article\" \/>\n<meta property=\"og:title\" content=\"Pakiet dwa e-booki &quot;Wycena&quot; i &quot;Biznes&quot; - Law Firm Joanna Lubecka, Attorney at law \u2013 Pozna\u0144, Zielona G\u00f3ra\" \/>\n<meta property=\"og:description\" content=\"Pakiet dw\u00f3ch e-book\u00f3w Wycena us\u0142ug prawnych + Biznes prawny od \u015brodka. 10 krok\u00f3w na rozbieg. Dowiedz si\u0119 wi\u0119cej o ka\u017cdym z e-book\u00f3w. Czytaj dalej! Wycena us\u0142ug prawnych E-book, kt\u00f3ry sprzeda\u0142 si\u0119 w przesz\u0142o 470 egzemplarzach w okresie niewiele ponad roku od dnia jego premiery. E-book pt. ,,Wycena us\u0142ug prawnych\u2019\u2019 autorstwa Adwokat Joanny Lubeckiej to pierwsza, [&hellip;]\" \/>\n<meta property=\"og:url\" content=\"https:\/\/lubecka.law\/en\/produkt\/pakiet-wycena-biznes\/\" \/>\n<meta property=\"og:site_name\" content=\"Law Firm Joanna Lubecka, Attorney at law \u2013 Pozna\u0144, Zielona G\u00f3ra\" \/>\n<meta property=\"article:modified_time\" content=\"2024-10-31T10:52:55+00:00\" \/>\n<meta property=\"og:image\" content=\"https:\/\/lubecka.law\/wp-content\/uploads\/2023\/12\/Joanna_Lubecka_okladka_e-book_pakiet_sklep2.png\" \/>\n\t<meta property=\"og:image:width\" content=\"1080\" \/>\n\t<meta property=\"og:image:height\" content=\"1080\" \/>\n\t<meta property=\"og:image:type\" content=\"image\/png\" \/>\n<meta name=\"twitter:card\" content=\"summary_large_image\" \/>\n<meta name=\"twitter:label1\" content=\"Est. reading time\" \/>\n\t<meta name=\"twitter:data1\" content=\"7 minutes\" \/>\n<script type=\"application\/ld+json\" class=\"yoast-schema-graph\">{\"@context\":\"https:\\\/\\\/schema.org\",\"@graph\":[{\"@type\":\"WebPage\",\"@id\":\"https:\\\/\\\/lubecka.law\\\/en\\\/produkt\\\/pakiet-wycena-biznes\\\/\",\"url\":\"https:\\\/\\\/lubecka.law\\\/en\\\/produkt\\\/pakiet-wycena-biznes\\\/\",\"name\":\"Pakiet dwa e-booki \\\"Wycena\\\" i \\\"Biznes\\\" - Law Firm Joanna Lubecka, Attorney at law \u2013 Pozna\u0144, Zielona G\u00f3ra\",\"isPartOf\":{\"@id\":\"https:\\\/\\\/lubecka.law\\\/en\\\/#website\"},\"primaryImageOfPage\":{\"@id\":\"https:\\\/\\\/lubecka.law\\\/en\\\/produkt\\\/pakiet-wycena-biznes\\\/#primaryimage\"},\"image\":{\"@id\":\"https:\\\/\\\/lubecka.law\\\/en\\\/produkt\\\/pakiet-wycena-biznes\\\/#primaryimage\"},\"thumbnailUrl\":\"https:\\\/\\\/lubecka.law\\\/wp-content\\\/uploads\\\/2023\\\/12\\\/Joanna_Lubecka_okladka_e-book_pakiet_sklep2.png\",\"datePublished\":\"2023-10-23T13:53:26+00:00\",\"dateModified\":\"2024-10-31T10:52:55+00:00\",\"breadcrumb\":{\"@id\":\"https:\\\/\\\/lubecka.law\\\/en\\\/produkt\\\/pakiet-wycena-biznes\\\/#breadcrumb\"},\"inLanguage\":\"en-US\",\"potentialAction\":[{\"@type\":\"ReadAction\",\"target\":[\"https:\\\/\\\/lubecka.law\\\/en\\\/produkt\\\/pakiet-wycena-biznes\\\/\"]}]},{\"@type\":\"ImageObject\",\"inLanguage\":\"en-US\",\"@id\":\"https:\\\/\\\/lubecka.law\\\/en\\\/produkt\\\/pakiet-wycena-biznes\\\/#primaryimage\",\"url\":\"https:\\\/\\\/lubecka.law\\\/wp-content\\\/uploads\\\/2023\\\/12\\\/Joanna_Lubecka_okladka_e-book_pakiet_sklep2.png\",\"contentUrl\":\"https:\\\/\\\/lubecka.law\\\/wp-content\\\/uploads\\\/2023\\\/12\\\/Joanna_Lubecka_okladka_e-book_pakiet_sklep2.png\",\"width\":1080,\"height\":1080},{\"@type\":\"BreadcrumbList\",\"@id\":\"https:\\\/\\\/lubecka.law\\\/en\\\/produkt\\\/pakiet-wycena-biznes\\\/#breadcrumb\",\"itemListElement\":[{\"@type\":\"ListItem\",\"position\":1,\"name\":\"Home page\",\"item\":\"https:\\\/\\\/lubecka.law\\\/en\\\/\"},{\"@type\":\"ListItem\",\"position\":2,\"name\":\"Sklep\",\"item\":\"https:\\\/\\\/lubecka.law\\\/sklep\\\/\"},{\"@type\":\"ListItem\",\"position\":3,\"name\":\"Pakiet dwa e-booki &#8222;Wycena&#8221; i &#8222;Biznes&#8221;\"}]},{\"@type\":\"WebSite\",\"@id\":\"https:\\\/\\\/lubecka.law\\\/en\\\/#website\",\"url\":\"https:\\\/\\\/lubecka.law\\\/en\\\/\",\"name\":\"Law Firm Joanna Lubecka, Attorney at law \u2013 Pozna\u0144, Zielona G\u00f3ra\",\"description\":\"\",\"potentialAction\":[{\"@type\":\"SearchAction\",\"target\":{\"@type\":\"EntryPoint\",\"urlTemplate\":\"https:\\\/\\\/lubecka.law\\\/en\\\/?s={search_term_string}\"},\"query-input\":{\"@type\":\"PropertyValueSpecification\",\"valueRequired\":true,\"valueName\":\"search_term_string\"}}],\"inLanguage\":\"en-US\"}]}<\/script>\n<!-- \/ Yoast SEO plugin. -->","yoast_head_json":{"title":"Pakiet dwa e-booki \"Wycena\" i \"Biznes\" - Law Firm Joanna Lubecka, Attorney at law \u2013 Pozna\u0144, Zielona G\u00f3ra","robots":{"index":"index","follow":"follow","max-snippet":"max-snippet:-1","max-image-preview":"max-image-preview:large","max-video-preview":"max-video-preview:-1"},"canonical":"https:\/\/lubecka.law\/en\/produkt\/pakiet-wycena-biznes\/","og_locale":"en_US","og_type":"article","og_title":"Pakiet dwa e-booki \"Wycena\" i \"Biznes\" - Law Firm Joanna Lubecka, Attorney at law \u2013 Pozna\u0144, Zielona G\u00f3ra","og_description":"Pakiet dw\u00f3ch e-book\u00f3w Wycena us\u0142ug prawnych + Biznes prawny od \u015brodka. 10 krok\u00f3w na rozbieg. Dowiedz si\u0119 wi\u0119cej o ka\u017cdym z e-book\u00f3w. Czytaj dalej! Wycena us\u0142ug prawnych E-book, kt\u00f3ry sprzeda\u0142 si\u0119 w przesz\u0142o 470 egzemplarzach w okresie niewiele ponad roku od dnia jego premiery. E-book pt. ,,Wycena us\u0142ug prawnych\u2019\u2019 autorstwa Adwokat Joanny Lubeckiej to pierwsza, [&hellip;]","og_url":"https:\/\/lubecka.law\/en\/produkt\/pakiet-wycena-biznes\/","og_site_name":"Law Firm Joanna Lubecka, Attorney at law \u2013 Pozna\u0144, Zielona G\u00f3ra","article_modified_time":"2024-10-31T10:52:55+00:00","og_image":[{"width":1080,"height":1080,"url":"https:\/\/lubecka.law\/wp-content\/uploads\/2023\/12\/Joanna_Lubecka_okladka_e-book_pakiet_sklep2.png","type":"image\/png"}],"twitter_card":"summary_large_image","twitter_misc":{"Est. reading time":"7 minutes"},"schema":{"@context":"https:\/\/schema.org","@graph":[{"@type":"WebPage","@id":"https:\/\/lubecka.law\/en\/produkt\/pakiet-wycena-biznes\/","url":"https:\/\/lubecka.law\/en\/produkt\/pakiet-wycena-biznes\/","name":"Pakiet dwa e-booki \"Wycena\" i \"Biznes\" - Law Firm Joanna Lubecka, Attorney at law \u2013 Pozna\u0144, Zielona G\u00f3ra","isPartOf":{"@id":"https:\/\/lubecka.law\/en\/#website"},"primaryImageOfPage":{"@id":"https:\/\/lubecka.law\/en\/produkt\/pakiet-wycena-biznes\/#primaryimage"},"image":{"@id":"https:\/\/lubecka.law\/en\/produkt\/pakiet-wycena-biznes\/#primaryimage"},"thumbnailUrl":"https:\/\/lubecka.law\/wp-content\/uploads\/2023\/12\/Joanna_Lubecka_okladka_e-book_pakiet_sklep2.png","datePublished":"2023-10-23T13:53:26+00:00","dateModified":"2024-10-31T10:52:55+00:00","breadcrumb":{"@id":"https:\/\/lubecka.law\/en\/produkt\/pakiet-wycena-biznes\/#breadcrumb"},"inLanguage":"en-US","potentialAction":[{"@type":"ReadAction","target":["https:\/\/lubecka.law\/en\/produkt\/pakiet-wycena-biznes\/"]}]},{"@type":"ImageObject","inLanguage":"en-US","@id":"https:\/\/lubecka.law\/en\/produkt\/pakiet-wycena-biznes\/#primaryimage","url":"https:\/\/lubecka.law\/wp-content\/uploads\/2023\/12\/Joanna_Lubecka_okladka_e-book_pakiet_sklep2.png","contentUrl":"https:\/\/lubecka.law\/wp-content\/uploads\/2023\/12\/Joanna_Lubecka_okladka_e-book_pakiet_sklep2.png","width":1080,"height":1080},{"@type":"BreadcrumbList","@id":"https:\/\/lubecka.law\/en\/produkt\/pakiet-wycena-biznes\/#breadcrumb","itemListElement":[{"@type":"ListItem","position":1,"name":"Home page","item":"https:\/\/lubecka.law\/en\/"},{"@type":"ListItem","position":2,"name":"Sklep","item":"https:\/\/lubecka.law\/sklep\/"},{"@type":"ListItem","position":3,"name":"Pakiet dwa e-booki &#8222;Wycena&#8221; i &#8222;Biznes&#8221;"}]},{"@type":"WebSite","@id":"https:\/\/lubecka.law\/en\/#website","url":"https:\/\/lubecka.law\/en\/","name":"Law Firm Joanna Lubecka, Attorney at law \u2013 Pozna\u0144, Zielona G\u00f3ra","description":"","potentialAction":[{"@type":"SearchAction","target":{"@type":"EntryPoint","urlTemplate":"https:\/\/lubecka.law\/en\/?s={search_term_string}"},"query-input":{"@type":"PropertyValueSpecification","valueRequired":true,"valueName":"search_term_string"}}],"inLanguage":"en-US"}]}},"_links":{"self":[{"href":"https:\/\/lubecka.law\/en\/wp-json\/wp\/v2\/product\/2610","targetHints":{"allow":["GET"]}}],"collection":[{"href":"https:\/\/lubecka.law\/en\/wp-json\/wp\/v2\/product"}],"about":[{"href":"https:\/\/lubecka.law\/en\/wp-json\/wp\/v2\/types\/product"}],"wp:featuredmedia":[{"embeddable":true,"href":"https:\/\/lubecka.law\/en\/wp-json\/wp\/v2\/media\/2961"}],"wp:attachment":[{"href":"https:\/\/lubecka.law\/en\/wp-json\/wp\/v2\/media?parent=2610"}],"wp:term":[{"taxonomy":"product_brand","embeddable":true,"href":"https:\/\/lubecka.law\/en\/wp-json\/wp\/v2\/product_brand?post=2610"},{"taxonomy":"product_cat","embeddable":true,"href":"https:\/\/lubecka.law\/en\/wp-json\/wp\/v2\/product_cat?post=2610"},{"taxonomy":"product_tag","embeddable":true,"href":"https:\/\/lubecka.law\/en\/wp-json\/wp\/v2\/product_tag?post=2610"}],"curies":[{"name":"wp","href":"https:\/\/api.w.org\/{rel}","templated":true}]}}