{"id":4155,"date":"2025-06-30T17:14:05","date_gmt":"2025-06-30T15:14:05","guid":{"rendered":"https:\/\/lubecka.law\/?post_type=product&#038;p=4155"},"modified":"2025-09-04T10:35:26","modified_gmt":"2025-09-04T08:35:26","slug":"audiobook-wycena-uslug-prawnych-joanna-lubecka","status":"publish","type":"product","link":"https:\/\/lubecka.law\/en\/produkt\/audiobook-wycena-uslug-prawnych-joanna-lubecka\/","title":{"rendered":"Audiobook &#8220;Wycena us\u0142ug prawnych&#8221; &#8211; Joanna Lubecka"},"content":{"rendered":"<p><strong>Audiobook ,,Wycena us\u0142ug prawnych\u2019\u2019<\/strong><\/p>\n<p>Audiobook pt. ,,Wycena us\u0142ug prawnych\u2019\u2019 autorstwa Adwokat Joanny Lubeckiej to pierwsza, tego rodzaju publikacja na rynku. W spos\u00f3b kompleksowy odnosi si\u0119 do istotnego aspektu pracy prawnika, jakim jest wycena jego us\u0142ug.\u00a0 Temat ten jest niemal powszechnie pomijany w procesie kszta\u0142cenia m\u0142odych prawnik\u00f3w i nastr\u0119cza wielu, istotnych trudno\u015bci praktycznych na pocz\u0105tku w\u0142asnej drogi zawodowej. Owiany jest on r\u00f3wnie\u017c atmosfer\u0105 niezrozumia\u0142ego tabu, kt\u00f3re autorka umiej\u0119tnie odczarowuje, pokazuj\u0105c s\u0142uchaczowi, co powinien wzi\u0105\u0107 pod uwag\u0119, wyceniaj\u0105c us\u0142ugi prawne i jak to w praktyce robi\u0107.<\/p>\n<p><strong>Dla kogo przeznaczony jest audiobook ,,Wycena us\u0142ug prawnych\u2019\u2019?<\/strong><\/p>\n<p>Audiobook przeznaczony jest dla praktyk\u00f3w, kt\u00f3rzy w swojej pracy stykaj\u0105 si\u0119 z konieczno\u015bci\u0105 prawid\u0142owej wyceny us\u0142ug prawnych. Pomo\u017ce on zar\u00f3wno osobom prowadz\u0105cym w\u0142asne kancelarie, jak i prawnikom, kt\u00f3rych zakres obowi\u0105zk\u00f3w wymaga podejmowania czynno\u015bci z obszaru wyceny us\u0142ug. Audiobook b\u0119dzie r\u00f3wnie\u017c przydatny dla os\u00f3b posiadaj\u0105cych ju\u017c do\u015bwiadczenia dotycz\u0105ce wyceny, jednak odczuwaj\u0105cych konieczno\u015b\u0107 usystematyzowania wiedzy lub zyskania w\u0142a\u015bciwej perspektywy dotycz\u0105cej wyceny us\u0142ug prawnych<em>. <\/em><\/p>\n<p><strong>Czego dowiesz si\u0119 z tego audiobooka i jak b\u0119dziesz m\u00f3g\u0142 to wykorzysta\u0107 w codziennej pracy?<\/strong><\/p>\n<p>Audiobook podzielony zosta\u0142 na trzy cz\u0119\u015bci. W pierwszej znajdziesz teori\u0119 wyceny us\u0142ug prawnych. Cz\u0119\u015b\u0107 druga to odpowiedzi na najciekawsze, ale te\u017c najbardziej u\u017cyteczne pytania dotycz\u0105ce wyceny us\u0142ug prawnych, z jakimi mo\u017cna zetkn\u0105\u0107 si\u0119 wykonuj\u0105c zaw\u00f3d prawnika. Z kolei cz\u0119\u015b\u0107 trzecia to prawdziwa wisienka na torcie &#8211; wywiady ze specjalistami w swoich dziedzinach, kt\u00f3rzy zgodzili si\u0119 opowiedzie\u0107 troch\u0119 o ich do\u015bwiadczeniach dotycz\u0105cych wyceny us\u0142ug prawnych.<\/p>\n<p>Joanna Lubecka przeprowadzi\u0142a wywiady ze specjalistami w dziedzinach takich jak:<\/p>\n<ul>\n<li>Prawo um\u00f3w;<\/li>\n<li>Prawo sp\u00f3\u0142ek;<\/li>\n<li>Prawo autorskie i prawo nowych technologii;<\/li>\n<li>Prawo rodzinne;<\/li>\n<li>Prawo karne;<\/li>\n<li>Upad\u0142o\u015b\u0107 konsumencka.<\/li>\n<\/ul>\n<p><strong>W czym konkretnie pomo\u017ce Ci audiobook?<\/strong><\/p>\n<ul>\n<li>Zdefiniowa\u0107 problemy zwi\u0105zane z wycen\u0105 swoich us\u0142ug, co jest niezb\u0119dne do ich rozwi\u0105zania. Z audiobook dowiesz si\u0119, dlaczego prawnicy maj\u0105 taki k\u0142opot z wycen\u0105 us\u0142ug. Otrzymasz r\u00f3wnie\u017c praktyczne narz\u0119dzie do rozwi\u0105zywania tych problem\u00f3w, za pomoc\u0105 kt\u00f3rego wycenisz tak\u017ce te trudniejsze sprawy. B\u0119dzie to Protok\u00f3\u0142 wyceny us\u0142ug.<\/li>\n<li>Audiobook\u00a0pomo\u017ce Ci w wypracowaniu i ugruntowaniu podej\u015bcia do wyceny us\u0142ug, jakie pozwala na wykonywanie zawodu prawnika w spos\u00f3b komfortowy, a przy tym sprawiaj\u0105cy rado\u015b\u0107 i satysfakcj\u0119.<\/li>\n<li>Autorka przeka\u017ce Ci gar\u015b\u0107 wiedzy na temat zasad wyceny us\u0142ug prawnych, kt\u00f3re stosuje w praktyce i kt\u00f3re sprawdzaj\u0105 si\u0119 u niej bardzo dobrze.<\/li>\n<li>Zobaczysz, co mo\u017cna nazwa\u0107 ,,dobr\u0105 wycen\u0105\u2019\u2019, a co ,,z\u0142\u0105 wycen\u0105\u2019\u2019.<\/li>\n<li>Us\u0142yszysz o popularnych mitach dotycz\u0105cych wyceny us\u0142ug prawnych.<\/li>\n<li>Dowiesz si\u0119, jakie rodzaje wynagrodze\u0144 funkcjonuj\u0105 w praktyce i zobaczysz, do czego one pasuj\u0105, w jakich sytuacjach je stosowa\u0107, a kiedy nie warto. Uzyskasz tak\u017ce wiedz\u0119 o mo\u017cliwych sposobach korekty spraw ryzykownych, w kt\u00f3rych ju\u017c na starcie czujesz, \u017ce mo\u017ce by\u0107 ci\u0119\u017cko nie odczu\u0107 znanej Ci frustracji.<\/li>\n<li>Zobaczysz, gdzie mo\u017cna pope\u0142ni\u0107 b\u0142\u0119dy w wycenie spraw, sk\u0105d si\u0119 bior\u0105 i do czego prowadz\u0105.<\/li>\n<li>Wreszcie, uzyskasz informacje o tym, kiedy i w jaki spos\u00f3b rozmawia\u0107 z Klientem o wycenie Twoich us\u0142ug.<\/li>\n<li>Znajdziesz w nim te\u017c przyk\u0142ady praktyczne.<\/li>\n<\/ul>\n<p>Po przes\u0142uchaniu audiobooka rozpoczniesz przygod\u0119 z komfortowym i sensownym wycenianiem us\u0142ug prawnych, kt\u00f3re nie sp\u0119dza snu z powiek i kt\u00f3rego nie traktujesz jako z\u0142a koniecznego.<\/p>\n<p><strong>Spis tre\u015bci znajdziesz w galerii obraz\u00f3w pod ok\u0142adk\u0105.<\/strong><\/p>\n","protected":false},"excerpt":{"rendered":"<p>Audiobook ,,Wycena us\u0142ug prawnych\u2019\u2019 Audiobook pt. ,,Wycena us\u0142ug prawnych\u2019\u2019 autorstwa Adwokat Joanny Lubeckiej to pierwsza, tego rodzaju publikacja na rynku. W spos\u00f3b kompleksowy odnosi si\u0119 do istotnego aspektu pracy prawnika, jakim jest wycena jego us\u0142ug.\u00a0 Temat ten jest niemal powszechnie pomijany w procesie kszta\u0142cenia m\u0142odych prawnik\u00f3w i nastr\u0119cza wielu, istotnych trudno\u015bci praktycznych na pocz\u0105tku w\u0142asnej [&hellip;]<\/p>\n","protected":false},"featured_media":1212,"template":"","meta":{"_acf_changed":false,"inline_featured_image":false},"product_brand":[],"product_cat":[47],"product_tag":[],"class_list":{"0":"post-4155","1":"product","2":"type-product","3":"status-publish","4":"has-post-thumbnail","6":"product_cat-bez-kategorii","8":"first","9":"instock","10":"downloadable","11":"taxable","12":"shipping-taxable","13":"purchasable","14":"product-type-simple"},"acf":[],"yoast_head":"<!-- This site is optimized with the Yoast SEO plugin v27.5 - https:\/\/yoast.com\/product\/yoast-seo-wordpress\/ -->\n<title>Audiobook &quot;Wycena us\u0142ug prawnych&quot; - Joanna Lubecka - Law Firm Joanna Lubecka, Attorney at law \u2013 Pozna\u0144, Zielona G\u00f3ra<\/title>\n<meta name=\"robots\" content=\"index, follow, max-snippet:-1, max-image-preview:large, max-video-preview:-1\" \/>\n<link rel=\"canonical\" href=\"https:\/\/lubecka.law\/en\/produkt\/audiobook-wycena-uslug-prawnych-joanna-lubecka\/\" \/>\n<meta property=\"og:locale\" content=\"en_US\" \/>\n<meta property=\"og:type\" content=\"article\" \/>\n<meta property=\"og:title\" content=\"Audiobook &quot;Wycena us\u0142ug prawnych&quot; - Joanna Lubecka - Law Firm Joanna Lubecka, Attorney at law \u2013 Pozna\u0144, Zielona G\u00f3ra\" \/>\n<meta property=\"og:description\" content=\"Audiobook ,,Wycena us\u0142ug prawnych\u2019\u2019 Audiobook pt. ,,Wycena us\u0142ug prawnych\u2019\u2019 autorstwa Adwokat Joanny Lubeckiej to pierwsza, tego rodzaju publikacja na rynku. W spos\u00f3b kompleksowy odnosi si\u0119 do istotnego aspektu pracy prawnika, jakim jest wycena jego us\u0142ug.\u00a0 Temat ten jest niemal powszechnie pomijany w procesie kszta\u0142cenia m\u0142odych prawnik\u00f3w i nastr\u0119cza wielu, istotnych trudno\u015bci praktycznych na pocz\u0105tku w\u0142asnej [&hellip;]\" \/>\n<meta property=\"og:url\" content=\"https:\/\/lubecka.law\/en\/produkt\/audiobook-wycena-uslug-prawnych-joanna-lubecka\/\" \/>\n<meta property=\"og:site_name\" content=\"Law Firm Joanna Lubecka, Attorney at law \u2013 Pozna\u0144, Zielona G\u00f3ra\" \/>\n<meta property=\"article:modified_time\" content=\"2025-09-04T08:35:26+00:00\" \/>\n<meta property=\"og:image\" content=\"https:\/\/lubecka.law\/wp-content\/uploads\/2022\/08\/Joanna_Lubecka_okladka_e-book_06_1080x764_px_RGB_sklep.jpg\" \/>\n\t<meta property=\"og:image:width\" content=\"764\" \/>\n\t<meta property=\"og:image:height\" content=\"1080\" \/>\n\t<meta property=\"og:image:type\" content=\"image\/jpeg\" \/>\n<meta name=\"twitter:card\" content=\"summary_large_image\" \/>\n<meta name=\"twitter:label1\" content=\"Est. reading time\" \/>\n\t<meta name=\"twitter:data1\" content=\"4 minutes\" \/>\n<script type=\"application\/ld+json\" class=\"yoast-schema-graph\">{\"@context\":\"https:\\\/\\\/schema.org\",\"@graph\":[{\"@type\":\"WebPage\",\"@id\":\"https:\\\/\\\/lubecka.law\\\/en\\\/produkt\\\/audiobook-wycena-uslug-prawnych-joanna-lubecka\\\/\",\"url\":\"https:\\\/\\\/lubecka.law\\\/en\\\/produkt\\\/audiobook-wycena-uslug-prawnych-joanna-lubecka\\\/\",\"name\":\"Audiobook \\\"Wycena us\u0142ug prawnych\\\" - Joanna Lubecka - Law Firm Joanna Lubecka, Attorney at law \u2013 Pozna\u0144, Zielona G\u00f3ra\",\"isPartOf\":{\"@id\":\"https:\\\/\\\/lubecka.law\\\/en\\\/#website\"},\"primaryImageOfPage\":{\"@id\":\"https:\\\/\\\/lubecka.law\\\/en\\\/produkt\\\/audiobook-wycena-uslug-prawnych-joanna-lubecka\\\/#primaryimage\"},\"image\":{\"@id\":\"https:\\\/\\\/lubecka.law\\\/en\\\/produkt\\\/audiobook-wycena-uslug-prawnych-joanna-lubecka\\\/#primaryimage\"},\"thumbnailUrl\":\"https:\\\/\\\/lubecka.law\\\/wp-content\\\/uploads\\\/2022\\\/08\\\/Joanna_Lubecka_okladka_e-book_06_1080x764_px_RGB_sklep.jpg\",\"datePublished\":\"2025-06-30T15:14:05+00:00\",\"dateModified\":\"2025-09-04T08:35:26+00:00\",\"breadcrumb\":{\"@id\":\"https:\\\/\\\/lubecka.law\\\/en\\\/produkt\\\/audiobook-wycena-uslug-prawnych-joanna-lubecka\\\/#breadcrumb\"},\"inLanguage\":\"en-US\",\"potentialAction\":[{\"@type\":\"ReadAction\",\"target\":[\"https:\\\/\\\/lubecka.law\\\/en\\\/produkt\\\/audiobook-wycena-uslug-prawnych-joanna-lubecka\\\/\"]}]},{\"@type\":\"ImageObject\",\"inLanguage\":\"en-US\",\"@id\":\"https:\\\/\\\/lubecka.law\\\/en\\\/produkt\\\/audiobook-wycena-uslug-prawnych-joanna-lubecka\\\/#primaryimage\",\"url\":\"https:\\\/\\\/lubecka.law\\\/wp-content\\\/uploads\\\/2022\\\/08\\\/Joanna_Lubecka_okladka_e-book_06_1080x764_px_RGB_sklep.jpg\",\"contentUrl\":\"https:\\\/\\\/lubecka.law\\\/wp-content\\\/uploads\\\/2022\\\/08\\\/Joanna_Lubecka_okladka_e-book_06_1080x764_px_RGB_sklep.jpg\",\"width\":764,\"height\":1080},{\"@type\":\"BreadcrumbList\",\"@id\":\"https:\\\/\\\/lubecka.law\\\/en\\\/produkt\\\/audiobook-wycena-uslug-prawnych-joanna-lubecka\\\/#breadcrumb\",\"itemListElement\":[{\"@type\":\"ListItem\",\"position\":1,\"name\":\"Home page\",\"item\":\"https:\\\/\\\/lubecka.law\\\/en\\\/\"},{\"@type\":\"ListItem\",\"position\":2,\"name\":\"Sklep\",\"item\":\"https:\\\/\\\/lubecka.law\\\/sklep\\\/\"},{\"@type\":\"ListItem\",\"position\":3,\"name\":\"Audiobook &#8222;Wycena us\u0142ug prawnych&#8221; &#8211; Joanna Lubecka\"}]},{\"@type\":\"WebSite\",\"@id\":\"https:\\\/\\\/lubecka.law\\\/en\\\/#website\",\"url\":\"https:\\\/\\\/lubecka.law\\\/en\\\/\",\"name\":\"Law Firm Joanna Lubecka, Attorney at law \u2013 Pozna\u0144, Zielona G\u00f3ra\",\"description\":\"\",\"potentialAction\":[{\"@type\":\"SearchAction\",\"target\":{\"@type\":\"EntryPoint\",\"urlTemplate\":\"https:\\\/\\\/lubecka.law\\\/en\\\/?s={search_term_string}\"},\"query-input\":{\"@type\":\"PropertyValueSpecification\",\"valueRequired\":true,\"valueName\":\"search_term_string\"}}],\"inLanguage\":\"en-US\"}]}<\/script>\n<!-- \/ Yoast SEO plugin. -->","yoast_head_json":{"title":"Audiobook \"Wycena us\u0142ug prawnych\" - Joanna Lubecka - Law Firm Joanna Lubecka, Attorney at law \u2013 Pozna\u0144, Zielona G\u00f3ra","robots":{"index":"index","follow":"follow","max-snippet":"max-snippet:-1","max-image-preview":"max-image-preview:large","max-video-preview":"max-video-preview:-1"},"canonical":"https:\/\/lubecka.law\/en\/produkt\/audiobook-wycena-uslug-prawnych-joanna-lubecka\/","og_locale":"en_US","og_type":"article","og_title":"Audiobook \"Wycena us\u0142ug prawnych\" - Joanna Lubecka - Law Firm Joanna Lubecka, Attorney at law \u2013 Pozna\u0144, Zielona G\u00f3ra","og_description":"Audiobook ,,Wycena us\u0142ug prawnych\u2019\u2019 Audiobook pt. ,,Wycena us\u0142ug prawnych\u2019\u2019 autorstwa Adwokat Joanny Lubeckiej to pierwsza, tego rodzaju publikacja na rynku. W spos\u00f3b kompleksowy odnosi si\u0119 do istotnego aspektu pracy prawnika, jakim jest wycena jego us\u0142ug.\u00a0 Temat ten jest niemal powszechnie pomijany w procesie kszta\u0142cenia m\u0142odych prawnik\u00f3w i nastr\u0119cza wielu, istotnych trudno\u015bci praktycznych na pocz\u0105tku w\u0142asnej [&hellip;]","og_url":"https:\/\/lubecka.law\/en\/produkt\/audiobook-wycena-uslug-prawnych-joanna-lubecka\/","og_site_name":"Law Firm Joanna Lubecka, Attorney at law \u2013 Pozna\u0144, Zielona G\u00f3ra","article_modified_time":"2025-09-04T08:35:26+00:00","og_image":[{"width":764,"height":1080,"url":"https:\/\/lubecka.law\/wp-content\/uploads\/2022\/08\/Joanna_Lubecka_okladka_e-book_06_1080x764_px_RGB_sklep.jpg","type":"image\/jpeg"}],"twitter_card":"summary_large_image","twitter_misc":{"Est. reading time":"4 minutes"},"schema":{"@context":"https:\/\/schema.org","@graph":[{"@type":"WebPage","@id":"https:\/\/lubecka.law\/en\/produkt\/audiobook-wycena-uslug-prawnych-joanna-lubecka\/","url":"https:\/\/lubecka.law\/en\/produkt\/audiobook-wycena-uslug-prawnych-joanna-lubecka\/","name":"Audiobook \"Wycena us\u0142ug prawnych\" - Joanna Lubecka - Law Firm Joanna Lubecka, Attorney at law \u2013 Pozna\u0144, Zielona G\u00f3ra","isPartOf":{"@id":"https:\/\/lubecka.law\/en\/#website"},"primaryImageOfPage":{"@id":"https:\/\/lubecka.law\/en\/produkt\/audiobook-wycena-uslug-prawnych-joanna-lubecka\/#primaryimage"},"image":{"@id":"https:\/\/lubecka.law\/en\/produkt\/audiobook-wycena-uslug-prawnych-joanna-lubecka\/#primaryimage"},"thumbnailUrl":"https:\/\/lubecka.law\/wp-content\/uploads\/2022\/08\/Joanna_Lubecka_okladka_e-book_06_1080x764_px_RGB_sklep.jpg","datePublished":"2025-06-30T15:14:05+00:00","dateModified":"2025-09-04T08:35:26+00:00","breadcrumb":{"@id":"https:\/\/lubecka.law\/en\/produkt\/audiobook-wycena-uslug-prawnych-joanna-lubecka\/#breadcrumb"},"inLanguage":"en-US","potentialAction":[{"@type":"ReadAction","target":["https:\/\/lubecka.law\/en\/produkt\/audiobook-wycena-uslug-prawnych-joanna-lubecka\/"]}]},{"@type":"ImageObject","inLanguage":"en-US","@id":"https:\/\/lubecka.law\/en\/produkt\/audiobook-wycena-uslug-prawnych-joanna-lubecka\/#primaryimage","url":"https:\/\/lubecka.law\/wp-content\/uploads\/2022\/08\/Joanna_Lubecka_okladka_e-book_06_1080x764_px_RGB_sklep.jpg","contentUrl":"https:\/\/lubecka.law\/wp-content\/uploads\/2022\/08\/Joanna_Lubecka_okladka_e-book_06_1080x764_px_RGB_sklep.jpg","width":764,"height":1080},{"@type":"BreadcrumbList","@id":"https:\/\/lubecka.law\/en\/produkt\/audiobook-wycena-uslug-prawnych-joanna-lubecka\/#breadcrumb","itemListElement":[{"@type":"ListItem","position":1,"name":"Home page","item":"https:\/\/lubecka.law\/en\/"},{"@type":"ListItem","position":2,"name":"Sklep","item":"https:\/\/lubecka.law\/sklep\/"},{"@type":"ListItem","position":3,"name":"Audiobook &#8222;Wycena us\u0142ug prawnych&#8221; &#8211; Joanna Lubecka"}]},{"@type":"WebSite","@id":"https:\/\/lubecka.law\/en\/#website","url":"https:\/\/lubecka.law\/en\/","name":"Law Firm Joanna Lubecka, Attorney at law \u2013 Pozna\u0144, Zielona G\u00f3ra","description":"","potentialAction":[{"@type":"SearchAction","target":{"@type":"EntryPoint","urlTemplate":"https:\/\/lubecka.law\/en\/?s={search_term_string}"},"query-input":{"@type":"PropertyValueSpecification","valueRequired":true,"valueName":"search_term_string"}}],"inLanguage":"en-US"}]}},"_links":{"self":[{"href":"https:\/\/lubecka.law\/en\/wp-json\/wp\/v2\/product\/4155","targetHints":{"allow":["GET"]}}],"collection":[{"href":"https:\/\/lubecka.law\/en\/wp-json\/wp\/v2\/product"}],"about":[{"href":"https:\/\/lubecka.law\/en\/wp-json\/wp\/v2\/types\/product"}],"wp:featuredmedia":[{"embeddable":true,"href":"https:\/\/lubecka.law\/en\/wp-json\/wp\/v2\/media\/1212"}],"wp:attachment":[{"href":"https:\/\/lubecka.law\/en\/wp-json\/wp\/v2\/media?parent=4155"}],"wp:term":[{"taxonomy":"product_brand","embeddable":true,"href":"https:\/\/lubecka.law\/en\/wp-json\/wp\/v2\/product_brand?post=4155"},{"taxonomy":"product_cat","embeddable":true,"href":"https:\/\/lubecka.law\/en\/wp-json\/wp\/v2\/product_cat?post=4155"},{"taxonomy":"product_tag","embeddable":true,"href":"https:\/\/lubecka.law\/en\/wp-json\/wp\/v2\/product_tag?post=4155"}],"curies":[{"name":"wp","href":"https:\/\/api.w.org\/{rel}","templated":true}]}}